{"id":2436,"date":"2023-03-27T09:15:05","date_gmt":"2023-03-27T07:15:05","guid":{"rendered":"https:\/\/www.villatomar.com\/?page_id=2436"},"modified":"2023-04-14T18:16:51","modified_gmt":"2023-04-14T16:16:51","slug":"politique-de-confidentialite","status":"publish","type":"page","link":"https:\/\/www.villatomar.com\/fr\/politique-de-confidentialite\/","title":{"rendered":"Politique de confidentialit\u00e9"},"content":{"rendered":"<section class=\"wpb-content-wrapper\"><p>[vc_row][vc_column][vc_empty_space height=\u00a0\u00bb16px\u00a0\u00bb][vc_column_text]<\/p>\r\n<p>La pr\u00e9sente politique de protection des donn\u00e9es \u00e0 caract\u00e8re personnel d\u00e9crit quels types de donn\u00e9es \u00e0 caract\u00e8re personnel sont collect\u00e9s, les finalit\u00e9s ainsi que la dur\u00e9e de la collecte. VILLA TOMAR s&rsquo;engage \u00e0 ce que la collecte et le traitement de vos donn\u00e9es, effectu\u00e9s \u00e0 partir du site www.villatomar.com, soient conformes au r\u00e8glement g\u00e9n\u00e9ral sur la protection des donn\u00e9es (RGPD) et \u00e0 la loi \u00b078-17 \u00ab Informatique et Libert\u00e9s \u00bb du 6 janvier 1978. Cette politique peut \u00eatre modifi\u00e9e, compl\u00e9t\u00e9e ou mise \u00e0 jour afin notamment de se conformer \u00e0 toutes \u00e9volutions l\u00e9gislatives, r\u00e9glementaires, jurisprudentielles ou techniques. Vous devez vous r\u00e9f\u00e9rer avant toute navigation \u00e0 la derni\u00e8re version de la politique. Pour toute information sur la protection des donn\u00e9es personnelles, vous pouvez \u00e9galement consulter le site de la Commission Informatique et Libert\u00e9 www.cnil.fr.<\/p>\r\n<p>&nbsp;<\/p>\r\n<h2 class=\"h2Petit wp-block-heading\">1. Qui collecte les donn\u00e9es \u00e0 caract\u00e8re personnel (identit\u00e9 du responsable du traitement) ?<\/h2>\r\n<p>Vos donn\u00e9es \u00e0 caract\u00e8re personnel sont collect\u00e9es par : <strong>VILLA TOMAR <\/strong>70F Chemin rural des Esserts, 74290 Talloires<\/p>\r\n<p>&nbsp;<\/p>\r\n<h2 class=\"h2Petit\">2. Utilisation des donn\u00e9es \u00e0 caract\u00e8re personnel<\/h2>\r\n<p>La notion de \u00ab donn\u00e9es \u00e0 caract\u00e8re personnel \u00bb d\u00e9signe toute information relative \u00e0 une personne physique identifi\u00e9e ou qui peut \u00eatre identifi\u00e9e, directement ou indirectement, par r\u00e9f\u00e9rence \u00e0 un num\u00e9ro d&rsquo;identification ou \u00e0 un ou plusieurs \u00e9l\u00e9ments qui lui sont propres. Lorsque VILLA TOMAR collecte vos donn\u00e9es \u00e0 caract\u00e8re personnel, cette collecte est effectu\u00e9e de mani\u00e8re loyale et transparente gr\u00e2ce \u00e0 la pr\u00e9sence de mentions d&rsquo;informations ou de renvoi \u00e0 la pr\u00e9sente Politique. Les donn\u00e9es \u00e0 caract\u00e8re personnel sont les informations vous concernant qui permettent de vous identifier telles que pr\u00e9nom, nom, email, t\u00e9l\u00e9phone et toute autre donn\u00e9e \u00e0 caract\u00e8re personnel utile dans le cadre des finalit\u00e9s d\u00e9finies ci-apr\u00e8s. Les donn\u00e9es \u00e0 caract\u00e8re personnel sont collect\u00e9es via nos diff\u00e9rents formulaires (prise de contact, demande d&rsquo;informations\u2026). Chaque formulaire limite la collecte des donn\u00e9es personnelles au strict n\u00e9cessaire (minimisation des donn\u00e9es) et indique notamment :<\/p>\r\n<ul>\r\n<li>Quels sont les objectifs du recueil de ces donn\u00e9es (finalit\u00e9s)<\/li>\r\n<li>Si ces donn\u00e9es sont obligatoires ou facultatives pour la gestion de votre demande<\/li>\r\n<li>Qui pourra en prendre connaissance (uniquement VILLA TOMARet ses employ\u00e9s) en principe, sauf pr\u00e9cision dans le formulaire lorsqu&rsquo;une transmission \u00e0 un tiers est n\u00e9cessaire \u00e0 la poursuite de la finalit\u00e9) ;<\/li>\r\n<li>Vos droits Informatique et Libert\u00e9s et la fa\u00e7on de les exercer aupr\u00e8s de VILLA TOMAR<\/li>\r\n<\/ul>\r\n<p>&nbsp;<\/p>\r\n<h2 class=\"h2Petit\">3. Finalit\u00e9s de traitement des donn\u00e9es \u00e0 caract\u00e8re personnel<\/h2>\r\n<p>VILLA TOMAR s\u2019engage \u00e0 ne traiter que des donn\u00e9es personnelles qui sont ad\u00e9quates, pertinentes et non excessives au regard des finalit\u00e9s pour lesquels elles sont collect\u00e9es, \u00e0 savoir :<\/p>\r\n<ul>\r\n<li>Traiter vos demandes de prise de contact, vos demandes d\u2019informations, vos demandes r\u00e9servations<\/li>\r\n<li>Vous adresser une brochure d\u2019un service, d\u2019une offre, d&rsquo;une pr\u00e9sentation<\/li>\r\n<li>Vous r\u00e9pondre pour une demande de renseignements \/ r\u00e9servations<\/li>\r\n<\/ul>\r\n<p>&nbsp;<\/p>\r\n<h2 class=\"h2Petit\">4. Destinataires et sous-traitance des donn\u00e9es \u00e0 caract\u00e8re personnel<\/h2>\r\n<p>VILLA TOMAR est en principe seul destinataire des donn\u00e9es collect\u00e9es. VILLA TOMAR transmet vos donn\u00e9es personnelles \u00e0 un tiers que lorsque vous avez donn\u00e9 votre accord pr\u00e9alable pour le partage de ces informations (par exemple pour un \u00e9v\u00e8nement promotionnel sp\u00e9cial).<\/p>\r\n<p>&nbsp;<\/p>\r\n<h2 class=\"h2Petit\">5. Dur\u00e9e de conservation des donn\u00e9es \u00e0 caract\u00e8re personnel<\/h2>\r\n<p>VILLA TOMAR traite et conserve les donn\u00e9es \u00e0 caract\u00e8re personnel dans un environnement s\u00e9curis\u00e9 pendant la dur\u00e9e n\u00e9cessaire \u00e0 la r\u00e9alisation des finalit\u00e9s pour lesquelles elles ont \u00e9t\u00e9 collect\u00e9es. Vos donn\u00e9es d&rsquo;identification \u00e9lectronique sont conserv\u00e9es pour une dur\u00e9e de 12 mois \u00e0 compter de leur collecte.<\/p>\r\n<table class=\"tab1\">\r\n<tbody>\r\n<tr>\r\n<th>FINALIT\u00c9<\/th>\r\n<th>DUR\u00c9E DE LA COLLECTE<\/th>\r\n<\/tr>\r\n<tr>\r\n<td>Commerciale : r\u00e9ponse aux demandes d\u2019information, de r\u00e9servations&#8230;<\/td>\r\n<td>3 ans \u00e0 compter de la derni\u00e8re activit\u00e9 enregistr\u00e9e<\/td>\r\n<\/tr>\r\n<\/tbody>\r\n<\/table>\r\n<h2>\u00a0<\/h2>\r\n<p>&nbsp;<\/p>\r\n<h2 class=\"h2Petit\">6. Conditions d&rsquo;exercice de vos droits relatifs \u00e0 vos donn\u00e9es \u00e0 caract\u00e8re personnel au titre de la r\u00e9glementation<\/h2>\r\n<p>Vous \u00eates inform\u00e9 que vous disposez d&rsquo;un droit d&rsquo;acc\u00e8s, de portabilit\u00e9, de rectification et d\u2019effacement portant sur les donn\u00e9es vous concernant. Pour toute information ou exercice de vos droits Informatique et Libert\u00e9s sur les traitements de donn\u00e9es personnelles g\u00e9r\u00e9s par VILLA TOMAR, vous pouvez contacter le responsable de la protection des donn\u00e9es.<\/p>\r\n<ul>\r\n<li>par mail<\/li>\r\n<li>ou par courrier sign\u00e9 \u00e0 l&rsquo;adresse suivante : VILLA TOMAR<strong>\u00a0\u00e0 l&rsquo;attention du responsable de la protection des donn\u00e9es,<br \/>70F Chemin rural des Esserts, 74290 Talloires<br \/><\/strong><\/li>\r\n<\/ul>\r\n<p>Les demandes devront \u00eatre accompagn\u00e9es d\u2019une copie d\u2019un titre d\u2019identit\u00e9 en cours de validit\u00e9.<\/p>\r\n<p>&nbsp;<\/p>\r\n<h2 class=\"h2Petit\">7. Politique de donn\u00e9es personnelles relatives aux mineurs<\/h2>\r\n<p>Le site ne vise pas comme public les mineurs. L&rsquo;acc\u00e8s au site n&rsquo;est toutefois pas r\u00e9serv\u00e9 aux adultes car il ne pr\u00e9sente pas de contenus interdits aux mineurs de moins de 18 ans. Les formulaires du site ne visent pas \u00e0 recueillir des informations sur les mineurs. Si des informations \u00e9taient recueillies sur un mineur par le site, le repr\u00e9sentant l\u00e9gal du mineur aura la possibilit\u00e9 de contacter le responsable de la protection des donn\u00e9es pour rectifier, modifier ou supprimer ces informations (voir paragraphe 6- Conditions d\u2019exercice de vos droits \u00e0 vos donn\u00e9es).<\/p>\r\n<p>&nbsp;<\/p>\r\n<h2 class=\"h2Petit\">8. S\u00e9curit\u00e9 et confidentialit\u00e9<\/h2>\r\n<p>VILLA TOMAR prend toutes les mesures de protection utiles pour assurer la confidentialit\u00e9 et la s\u00e9curit\u00e9 des donn\u00e9es \u00e0 caract\u00e8re personnel concernant les utilisateurs et emp\u00eacher que lesdites donn\u00e9es ne soient endommag\u00e9es, effac\u00e9es ou que des tiers non autoris\u00e9s y aient acc\u00e8s. Les syst\u00e8mes informatiques de VILLA TOMAR sont notamment dot\u00e9s d&rsquo;un dispositif de protection logiciel. Des proc\u00e9dures de sauvegarde des donn\u00e9es collect\u00e9es sur le site sont mises en \u0153uvre. L&rsquo;acc\u00e8s aux donn\u00e9es \u00e0 caract\u00e8re personnel est strictement limit\u00e9 aux personnes habilit\u00e9es en raison de leurs fonctions et qui sont tenus par une obligation de confidentialit\u00e9.<\/p>\r\n<p>[\/vc_column_text][\/vc_column][\/vc_row][vc_row css=\u00a0\u00bb.vc_custom_1622190143470{margin-top: 15px !important;}\u00a0\u00bb][vc_column][vc_empty_space][vc_column_text]<\/p>\r\n<h2 class=\"h2Petit\">9. Cookies<\/h2>\r\n<p>Un cookie est un petit fichier texte qui peut \u00eatre plac\u00e9 sur votre terminal \u00e0 l&rsquo;occasion de la consultation d&rsquo;un site internet. Un fichier cookie permet \u00e0 son \u00e9metteur d&rsquo;identifier le terminal dans lequel il est enregistr\u00e9, pendant la dur\u00e9e de validit\u00e9 ou d&rsquo;enregistrement dudit cookie. Il existe plusieurs cat\u00e9gories de cookies :<\/p>\r\n<ul>\r\n<li>Les cookies d&rsquo;authentification<\/li>\r\n<li>Les cookies de pr\u00e9f\u00e9rence<\/li>\r\n<li>Les cookies de statistique et de mesure d&rsquo;audience<\/li>\r\n<\/ul>\r\n<p><strong>Le site www.villatomar.com utilise des cookies statistiques et de mesure d&rsquo;audience.<\/strong><\/p>\r\n<h2 class=\"h2Petit\">Les cookies de statistiques et de mesure d&rsquo;audience<\/h2>\r\n<p>Il s&rsquo;agit de cookies qui nous permettent de conna\u00eetre l&rsquo;utilisation et les performances du site du compte activit\u00e9, d&rsquo;\u00e9tablir des statistiques, des volumes de fr\u00e9quentation et d&rsquo;utilisation des divers \u00e9l\u00e9ments de notre site (contenus visit\u00e9s, parcours) nous permettant d&rsquo;am\u00e9liorer l&rsquo;int\u00e9r\u00eat et l&rsquo;ergonomie de nos services (les pages ou les rubriques le plus souvent consult\u00e9es, les articles les plus lus, &#8230;). Les cookies nous servent \u00e9galement \u00e0 compter les visiteurs d&rsquo;une page. Il s&rsquo;agit de cookies provenant de Google Analytics.[\/vc_column_text][\/vc_column][\/vc_row][vc_row css=\u00a0\u00bb.vc_custom_1645627286714{margin-bottom: 20px !important;}\u00a0\u00bb][vc_column][vc_raw_html]JTNDYSUyMGhyZWYlM0QlMjJqYXZhc2NyaXB0JTNBb3BlbkF4ZXB0aW9Db29raWVzJTI4JTI5JTIyJTIwY2xhc3MlM0QlMjJncmVlbkxpbmslMjIlM0UlMEElRjAlOUYlOEQlQUElMjBDTElRVUVaJTIwSUNJJTIwUE9VUiUyMCVDMyU4OURJVEVSJTIwVk9TJTIwUFIlQzMlODlGJUMzJTg5UkVOQ0VTJTIwRU4lMjBNQVRJJUMzJTg4UkUlMjBERSUyMENPT0tJRVMlMjAlRjAlOUYlOEQlQUElMEElM0MlMkZhJTNF[\/vc_raw_html][vc_empty_space][\/vc_column][\/vc_row]<\/p><\/section>","protected":false},"excerpt":{"rendered":"<p>[vc_row][vc_column][vc_empty_space height=\u00a0\u00bb16px\u00a0\u00bb][vc_column_text] La pr\u00e9sente politique de protection des donn\u00e9es \u00e0 caract\u00e8re personnel d\u00e9crit quels types de donn\u00e9es \u00e0 caract\u00e8re personnel sont collect\u00e9s, les finalit\u00e9s ainsi que la dur\u00e9e de la collecte. VILLA TOMAR s&rsquo;engage \u00e0 ce que la collecte et le traitement de vos donn\u00e9es, effectu\u00e9s \u00e0 partir du site www.villatomar.com, soient conformes au r\u00e8glement [&hellip;]<\/p>\n","protected":false},"author":1,"featured_media":0,"parent":0,"menu_order":0,"comment_status":"closed","ping_status":"open","template":"template-half-image-page.php","meta":{"loftloader_pro_show_once":"","loftloader_pro_page_shortcode":"","footnotes":""},"class_list":["post-2436","page","type-page","status-publish","hentry"],"acf":[],"yoast_head":"<!-- This site is optimized with the Yoast SEO plugin v20.6 - https:\/\/yoast.com\/wordpress\/plugins\/seo\/ -->\n<title>Politique de confidentialit\u00e9 - Villa Tomar<\/title>\n<meta name=\"robots\" content=\"index, follow, max-snippet:-1, max-image-preview:large, max-video-preview:-1\" \/>\n<link rel=\"canonical\" href=\"https:\/\/www.villatomar.com\/fr\/politique-de-confidentialite\/\" \/>\n<meta property=\"og:locale\" content=\"fr_FR\" \/>\n<meta property=\"og:type\" content=\"article\" \/>\n<meta property=\"og:title\" content=\"Politique de confidentialit\u00e9 - Villa Tomar\" \/>\n<meta property=\"og:description\" content=\"[vc_row][vc_column][vc_empty_space height=\u00a0\u00bb16px\u00a0\u00bb][vc_column_text] La pr\u00e9sente politique de protection des donn\u00e9es \u00e0 caract\u00e8re personnel d\u00e9crit quels types de donn\u00e9es \u00e0 caract\u00e8re personnel sont collect\u00e9s, les finalit\u00e9s ainsi que la dur\u00e9e de la collecte. VILLA TOMAR s&rsquo;engage \u00e0 ce que la collecte et le traitement de vos donn\u00e9es, effectu\u00e9s \u00e0 partir du site www.villatomar.com, soient conformes au r\u00e8glement [&hellip;]\" \/>\n<meta property=\"og:url\" content=\"https:\/\/www.villatomar.com\/fr\/politique-de-confidentialite\/\" \/>\n<meta property=\"og:site_name\" content=\"Villa Tomar\" \/>\n<meta property=\"article:modified_time\" content=\"2023-04-14T16:16:51+00:00\" \/>\n<meta name=\"twitter:card\" content=\"summary_large_image\" \/>\n<meta name=\"twitter:label1\" content=\"Dur\u00e9e de lecture estim\u00e9e\" \/>\n\t<meta name=\"twitter:data1\" content=\"6 minutes\" \/>\n<script type=\"application\/ld+json\" class=\"yoast-schema-graph\">{\"@context\":\"https:\/\/schema.org\",\"@graph\":[{\"@type\":\"WebPage\",\"@id\":\"https:\/\/www.villatomar.com\/fr\/politique-de-confidentialite\/\",\"url\":\"https:\/\/www.villatomar.com\/fr\/politique-de-confidentialite\/\",\"name\":\"Politique de confidentialit\u00e9 - Villa Tomar\",\"isPartOf\":{\"@id\":\"https:\/\/www.villatomar.com\/#website\"},\"datePublished\":\"2023-03-27T07:15:05+00:00\",\"dateModified\":\"2023-04-14T16:16:51+00:00\",\"breadcrumb\":{\"@id\":\"https:\/\/www.villatomar.com\/fr\/politique-de-confidentialite\/#breadcrumb\"},\"inLanguage\":\"fr-FR\",\"potentialAction\":[{\"@type\":\"ReadAction\",\"target\":[\"https:\/\/www.villatomar.com\/fr\/politique-de-confidentialite\/\"]}]},{\"@type\":\"BreadcrumbList\",\"@id\":\"https:\/\/www.villatomar.com\/fr\/politique-de-confidentialite\/#breadcrumb\",\"itemListElement\":[{\"@type\":\"ListItem\",\"position\":1,\"name\":\"Home\",\"item\":\"https:\/\/www.villatomar.com\/fr\/accueil\/\"},{\"@type\":\"ListItem\",\"position\":2,\"name\":\"Politique de confidentialit\u00e9\"}]},{\"@type\":\"WebSite\",\"@id\":\"https:\/\/www.villatomar.com\/#website\",\"url\":\"https:\/\/www.villatomar.com\/\",\"name\":\"Villa Tomar\",\"description\":\"Luxury lake side villa in Annecy, French Alps\",\"publisher\":{\"@id\":\"https:\/\/www.villatomar.com\/#organization\"},\"potentialAction\":[{\"@type\":\"SearchAction\",\"target\":{\"@type\":\"EntryPoint\",\"urlTemplate\":\"https:\/\/www.villatomar.com\/?s={search_term_string}\"},\"query-input\":\"required name=search_term_string\"}],\"inLanguage\":\"fr-FR\"},{\"@type\":\"Organization\",\"@id\":\"https:\/\/www.villatomar.com\/#organization\",\"name\":\"Villa Tomar\",\"url\":\"https:\/\/www.villatomar.com\/\",\"logo\":{\"@type\":\"ImageObject\",\"inLanguage\":\"fr-FR\",\"@id\":\"https:\/\/www.villatomar.com\/#\/schema\/logo\/image\/\",\"url\":\"https:\/\/www.villatomar.com\/wp-content\/uploads\/2023\/04\/cropped-cropped-favicon-removebg-preview.png\",\"contentUrl\":\"https:\/\/www.villatomar.com\/wp-content\/uploads\/2023\/04\/cropped-cropped-favicon-removebg-preview.png\",\"width\":512,\"height\":512,\"caption\":\"Villa Tomar\"},\"image\":{\"@id\":\"https:\/\/www.villatomar.com\/#\/schema\/logo\/image\/\"}}]}<\/script>\n<!-- \/ Yoast SEO plugin. -->","yoast_head_json":{"title":"Politique de confidentialit\u00e9 - Villa Tomar","robots":{"index":"index","follow":"follow","max-snippet":"max-snippet:-1","max-image-preview":"max-image-preview:large","max-video-preview":"max-video-preview:-1"},"canonical":"https:\/\/www.villatomar.com\/fr\/politique-de-confidentialite\/","og_locale":"fr_FR","og_type":"article","og_title":"Politique de confidentialit\u00e9 - Villa Tomar","og_description":"[vc_row][vc_column][vc_empty_space height=\u00a0\u00bb16px\u00a0\u00bb][vc_column_text] La pr\u00e9sente politique de protection des donn\u00e9es \u00e0 caract\u00e8re personnel d\u00e9crit quels types de donn\u00e9es \u00e0 caract\u00e8re personnel sont collect\u00e9s, les finalit\u00e9s ainsi que la dur\u00e9e de la collecte. VILLA TOMAR s&rsquo;engage \u00e0 ce que la collecte et le traitement de vos donn\u00e9es, effectu\u00e9s \u00e0 partir du site www.villatomar.com, soient conformes au r\u00e8glement [&hellip;]","og_url":"https:\/\/www.villatomar.com\/fr\/politique-de-confidentialite\/","og_site_name":"Villa Tomar","article_modified_time":"2023-04-14T16:16:51+00:00","twitter_card":"summary_large_image","twitter_misc":{"Dur\u00e9e de lecture estim\u00e9e":"6 minutes"},"schema":{"@context":"https:\/\/schema.org","@graph":[{"@type":"WebPage","@id":"https:\/\/www.villatomar.com\/fr\/politique-de-confidentialite\/","url":"https:\/\/www.villatomar.com\/fr\/politique-de-confidentialite\/","name":"Politique de confidentialit\u00e9 - Villa Tomar","isPartOf":{"@id":"https:\/\/www.villatomar.com\/#website"},"datePublished":"2023-03-27T07:15:05+00:00","dateModified":"2023-04-14T16:16:51+00:00","breadcrumb":{"@id":"https:\/\/www.villatomar.com\/fr\/politique-de-confidentialite\/#breadcrumb"},"inLanguage":"fr-FR","potentialAction":[{"@type":"ReadAction","target":["https:\/\/www.villatomar.com\/fr\/politique-de-confidentialite\/"]}]},{"@type":"BreadcrumbList","@id":"https:\/\/www.villatomar.com\/fr\/politique-de-confidentialite\/#breadcrumb","itemListElement":[{"@type":"ListItem","position":1,"name":"Home","item":"https:\/\/www.villatomar.com\/fr\/accueil\/"},{"@type":"ListItem","position":2,"name":"Politique de confidentialit\u00e9"}]},{"@type":"WebSite","@id":"https:\/\/www.villatomar.com\/#website","url":"https:\/\/www.villatomar.com\/","name":"Villa Tomar","description":"Luxury lake side villa in Annecy, French Alps","publisher":{"@id":"https:\/\/www.villatomar.com\/#organization"},"potentialAction":[{"@type":"SearchAction","target":{"@type":"EntryPoint","urlTemplate":"https:\/\/www.villatomar.com\/?s={search_term_string}"},"query-input":"required name=search_term_string"}],"inLanguage":"fr-FR"},{"@type":"Organization","@id":"https:\/\/www.villatomar.com\/#organization","name":"Villa Tomar","url":"https:\/\/www.villatomar.com\/","logo":{"@type":"ImageObject","inLanguage":"fr-FR","@id":"https:\/\/www.villatomar.com\/#\/schema\/logo\/image\/","url":"https:\/\/www.villatomar.com\/wp-content\/uploads\/2023\/04\/cropped-cropped-favicon-removebg-preview.png","contentUrl":"https:\/\/www.villatomar.com\/wp-content\/uploads\/2023\/04\/cropped-cropped-favicon-removebg-preview.png","width":512,"height":512,"caption":"Villa Tomar"},"image":{"@id":"https:\/\/www.villatomar.com\/#\/schema\/logo\/image\/"}}]}},"_links":{"self":[{"href":"https:\/\/www.villatomar.com\/fr\/wp-json\/wp\/v2\/pages\/2436","targetHints":{"allow":["GET"]}}],"collection":[{"href":"https:\/\/www.villatomar.com\/fr\/wp-json\/wp\/v2\/pages"}],"about":[{"href":"https:\/\/www.villatomar.com\/fr\/wp-json\/wp\/v2\/types\/page"}],"author":[{"embeddable":true,"href":"https:\/\/www.villatomar.com\/fr\/wp-json\/wp\/v2\/users\/1"}],"replies":[{"embeddable":true,"href":"https:\/\/www.villatomar.com\/fr\/wp-json\/wp\/v2\/comments?post=2436"}],"version-history":[{"count":6,"href":"https:\/\/www.villatomar.com\/fr\/wp-json\/wp\/v2\/pages\/2436\/revisions"}],"predecessor-version":[{"id":2487,"href":"https:\/\/www.villatomar.com\/fr\/wp-json\/wp\/v2\/pages\/2436\/revisions\/2487"}],"wp:attachment":[{"href":"https:\/\/www.villatomar.com\/fr\/wp-json\/wp\/v2\/media?parent=2436"}],"curies":[{"name":"wp","href":"https:\/\/api.w.org\/{rel}","templated":true}]}}